{"id":199,"date":"2017-05-29T09:00:54","date_gmt":"2017-05-29T09:00:54","guid":{"rendered":"http:\/\/themes.getmotopress.com\/oceanica\/?page_id=199"},"modified":"2023-11-07T14:35:36","modified_gmt":"2023-11-07T13:35:36","slug":"about","status":"publish","type":"page","link":"https:\/\/ivonavacances.fr\/?page_id=199","title":{"rendered":"Le Bassin d&rsquo;Arcachon"},"content":{"rendered":"<h2>Un panorama \u00e0 couper le souffle.<\/h2>\n<p>Atteindre le sommet de la\u00a0<b>dune du Pilat<\/b>, la plus haute dune d\u2019Europe, c\u2019est d\u2019un coup embrasser \u00e0 180\u00b0 un paysage \u00e0 couper le souffle, offrant l\u2019un des plus\u00a0<b>beaux panoramas<\/b>, fait du bleu de l\u2019oc\u00e9an, du blond de ses \u00eeles, du vert de sa for\u00eat de pins\u2026 un endroit magique et pr\u00e9serv\u00e9. L\u2019on dispose d\u2019un point de vue exceptionnel sur le bassin d\u2019Arcachon, la pointe du\u00a0<b>Cap Ferret<\/b>, le\u00a0<b>banc d\u2019Arguin<\/b>\u00a0les cabanes Tchanqu\u00e9es et\u00a0<b>l\u2019Ile aux oiseaux<\/b>, un territoire si bien chant\u00e9 par Pascal Obispo.<\/p>\n<p>Situ\u00e9 \u00e0 seulement\u00a050 km de Bordeaux, au c\u0153ur des Landes de Gascogne, le\u00a0<b>Bassin d\u2019Arcachon<\/b>\u00a0est une vaste baie o\u00f9 se m\u00ealent les eaux douces de la Leyre aux eaux tumultueuses de l\u2019oc\u00e9an. Le Bassin jouit d\u2019un microclimat. D\u00e8s le printemps\u00a0<b>les mimosas<\/b>\u00a0distillent leur d\u00e9licat parfum, les premiers rayons de soleil donnent un avant-go\u00fbt d\u2019\u00e9t\u00e9 sur\u00a0l\u2019eau qui\u00a0prend des reflets couleur turquoise. Autrefois appel\u00e9 \u00ab la petite mer de Buch \u00bb, le\u00a0<b>Bassin d&rsquo;Arcachon<\/b>\u00a0a h\u00e9rit\u00e9 d\u2019une v\u00e9ritable culture maritime. Les eaux du Bassin constituaient un extraordinaire r\u00e9servoir \u00e0 poissons pour les nombreux p\u00eacheurs du Pays de Buch.<\/p>\n<p>La navigation s\u2019effectuait sur des pinasses, bateaux \u00e0 fonds plats facilitant la navigation dans les chenaux. Le Bassin d\u2019Arcachon a \u00e9galement conserv\u00e9 sa tradition ostr\u00e9icole.\u00a0On s\u2019impr\u00e8gne de la beaut\u00e9 de ce vaste espace naturel\u00a0<b>en bateau<\/b>, \u00e0 v\u00e9lo gr\u00e2ce \u00e0 ses 150 kilom\u00e8tres de\u00a0<b>pistes cyclables<\/b>\u00a0faisant le tour du bassin, \u00e0 pied, et m\u00eame en delta-plane, parapente et h\u00e9licopt\u00e8re.<\/p>\n<p><img data-recalc-dims=\"1\" loading=\"lazy\" decoding=\"async\" class=\"alignnone wp-image-465 size-full\" src=\"https:\/\/i0.wp.com\/lescabanesivona.fr\/wp-content\/uploads\/2023\/10\/carte-territoire-basin-arcachon.jpg?resize=748%2C748&#038;ssl=1\" alt=\"\" width=\"748\" height=\"748\" srcset=\"https:\/\/i0.wp.com\/ivonavacances.fr\/wp-content\/uploads\/2023\/10\/carte-territoire-basin-arcachon.jpg?w=1024&amp;ssl=1 1024w, https:\/\/i0.wp.com\/ivonavacances.fr\/wp-content\/uploads\/2023\/10\/carte-territoire-basin-arcachon.jpg?resize=300%2C300&amp;ssl=1 300w, https:\/\/i0.wp.com\/ivonavacances.fr\/wp-content\/uploads\/2023\/10\/carte-territoire-basin-arcachon.jpg?resize=150%2C150&amp;ssl=1 150w, https:\/\/i0.wp.com\/ivonavacances.fr\/wp-content\/uploads\/2023\/10\/carte-territoire-basin-arcachon.jpg?resize=768%2C768&amp;ssl=1 768w, https:\/\/i0.wp.com\/ivonavacances.fr\/wp-content\/uploads\/2023\/10\/carte-territoire-basin-arcachon.jpg?resize=560%2C560&amp;ssl=1 560w\" sizes=\"auto, (max-width: 748px) 100vw, 748px\" \/><\/p>\n<p>La\u00a0<b>dune du Pilat\u00a0<\/b>vole la vedette \u00e0 la petite\u00a0<b>station baln\u00e9aire<\/b>\u00a0homophone abritant\u00a0<b>les plages Daniel Meller et de la Corniche<\/b>, tant ses dimensions sont impressionnantes\u00a0: 110 m de haut, 500 m de large, 2700 m de long, 8.000 ans d\u2019existence,\u00a0tout comme est extraordinaire\u00a0<b>le panorama\u00a0<\/b>qu\u2019elle offre \u00e0 son sommet\u00a0: for\u00eat de pins maritimes et de ch\u00eanes\u00a0;\u00a0banc d\u2019Arguin, le plus vaste banc de sable du littoral\u00a0; oc\u00e9an\u00a0;<b>\u00a0Ile aux oiseaux<\/b>\u00a0dont la surface varie au gr\u00e9 des mar\u00e9es et qui abrite de nombreuses esp\u00e8ces d\u2019oiseaux\u00a0;<b>\u00a0cabanes tchanqu\u00e9es\u00a0<\/b>se dressant telles des vigies, elles doivent leur nom au terme gascon d\u00e9signant les \u00e9chasses utilis\u00e9es par les bergers landais\u00a0;\u00a0la pointe du Cap Ferret.<\/p>\n<div id='gallery-1' class='gallery galleryid-199 gallery-columns-4 gallery-size-thumbnail'><figure class='gallery-item'>\n\t\t\t<div class='gallery-icon landscape'>\n\t\t\t\t<a href=\"https:\/\/i0.wp.com\/ivonavacances.fr\/wp-content\/uploads\/2023\/10\/pilat3.jpg?ssl=1\"><img loading=\"lazy\" decoding=\"async\" width=\"150\" height=\"150\" src=\"https:\/\/i0.wp.com\/ivonavacances.fr\/wp-content\/uploads\/2023\/10\/pilat3.jpg?resize=150%2C150&amp;ssl=1\" class=\"attachment-thumbnail size-thumbnail\" alt=\"\" srcset=\"https:\/\/i0.wp.com\/ivonavacances.fr\/wp-content\/uploads\/2023\/10\/pilat3.jpg?resize=150%2C150&amp;ssl=1 150w, https:\/\/i0.wp.com\/ivonavacances.fr\/wp-content\/uploads\/2023\/10\/pilat3.jpg?zoom=2&amp;resize=150%2C150&amp;ssl=1 300w, https:\/\/i0.wp.com\/ivonavacances.fr\/wp-content\/uploads\/2023\/10\/pilat3.jpg?zoom=3&amp;resize=150%2C150&amp;ssl=1 450w\" sizes=\"auto, (max-width: 150px) 100vw, 150px\" \/><\/a>\n\t\t\t<\/div><\/figure><figure class='gallery-item'>\n\t\t\t<div class='gallery-icon landscape'>\n\t\t\t\t<a href=\"https:\/\/i0.wp.com\/ivonavacances.fr\/wp-content\/uploads\/2023\/10\/pilat1.jpeg?ssl=1\"><img loading=\"lazy\" decoding=\"async\" width=\"150\" height=\"150\" src=\"https:\/\/i0.wp.com\/ivonavacances.fr\/wp-content\/uploads\/2023\/10\/pilat1.jpeg?resize=150%2C150&amp;ssl=1\" class=\"attachment-thumbnail size-thumbnail\" alt=\"\" srcset=\"https:\/\/i0.wp.com\/ivonavacances.fr\/wp-content\/uploads\/2023\/10\/pilat1.jpeg?resize=150%2C150&amp;ssl=1 150w, https:\/\/i0.wp.com\/ivonavacances.fr\/wp-content\/uploads\/2023\/10\/pilat1.jpeg?zoom=2&amp;resize=150%2C150&amp;ssl=1 300w, https:\/\/i0.wp.com\/ivonavacances.fr\/wp-content\/uploads\/2023\/10\/pilat1.jpeg?zoom=3&amp;resize=150%2C150&amp;ssl=1 450w\" sizes=\"auto, (max-width: 150px) 100vw, 150px\" \/><\/a>\n\t\t\t<\/div><\/figure><figure class='gallery-item'>\n\t\t\t<div class='gallery-icon landscape'>\n\t\t\t\t<a href=\"https:\/\/i0.wp.com\/ivonavacances.fr\/wp-content\/uploads\/2023\/10\/pilat2.jpeg?ssl=1\"><img loading=\"lazy\" decoding=\"async\" width=\"150\" height=\"150\" src=\"https:\/\/i0.wp.com\/ivonavacances.fr\/wp-content\/uploads\/2023\/10\/pilat2.jpeg?resize=150%2C150&amp;ssl=1\" class=\"attachment-thumbnail size-thumbnail\" alt=\"\" srcset=\"https:\/\/i0.wp.com\/ivonavacances.fr\/wp-content\/uploads\/2023\/10\/pilat2.jpeg?resize=150%2C150&amp;ssl=1 150w, https:\/\/i0.wp.com\/ivonavacances.fr\/wp-content\/uploads\/2023\/10\/pilat2.jpeg?zoom=2&amp;resize=150%2C150&amp;ssl=1 300w, https:\/\/i0.wp.com\/ivonavacances.fr\/wp-content\/uploads\/2023\/10\/pilat2.jpeg?zoom=3&amp;resize=150%2C150&amp;ssl=1 450w\" sizes=\"auto, (max-width: 150px) 100vw, 150px\" \/><\/a>\n\t\t\t<\/div><\/figure>\n\t\t<\/div>\n\n<h2>Le Teich, paradis des oiseaux<\/h2>\n<p>Le paradis est sur terre, comme dans les airs pour toutes les esp\u00e8ces ornithologiques, au <b>Teich<\/b>. Situ\u00e9e au c\u0153ur du\u00a0<b>parc naturel r\u00e9gional des Landes de Gascogne<\/b>, sur le delta de la Leyre et sur l\u2019une des plus importantes voies migratoires d\u2019Europe, cette r\u00e9serve naturelle de 110 hectares, avec marais et for\u00eat abrite une<b>\u00a0faune et une flore<\/b>\u00a0exceptionnelles.<\/p>\n<p>De nombreux\u00a0<b>sentiers de randonn\u00e9es<\/b>,\u00a012 km de pistes cyclables, permettent de l\u2019explorer au plus pr\u00e8s, tout comme les balades en\u00a0<b>cano\u00eb ou en kayak<\/b>. Un parcours fl\u00e9ch\u00e9 de 6 km, jalonn\u00e9 de 20 cabanes d\u2019aff\u00fbts traversant toutes les zones a \u00e9t\u00e9 sp\u00e9cialement cr\u00e9\u00e9 pour l\u2019observation.<\/p>\n<blockquote><p>\u00ab\u00a0La joie est un pouvoir, cultivez-la.\u00a0\u00bb<\/p>\n<p><cite>Le dalai lama<br \/>\n<\/cite><\/p><\/blockquote>\n<h4>Pour des infos et r\u00e9server :<\/h4>\n<p>Reservations : <strong>06 21 34 09 03<\/strong><\/p>\n<p><a href=\"mailto:contacts@oceanica.com\">anais.bonpunt@yahoo.fr<\/a><\/p>\n","protected":false},"excerpt":{"rendered":"<p>Une merveille \u00e0 d\u00e9couvrir<\/p>\n","protected":false},"author":1,"featured_media":470,"parent":16,"menu_order":0,"comment_status":"closed","ping_status":"closed","template":"","meta":{"footnotes":""},"class_list":["post-199","page","type-page","status-publish","has-post-thumbnail","hentry"],"yoast_head":"<!-- This site is optimized with the Yoast SEO plugin v23.7 - https:\/\/yoast.com\/wordpress\/plugins\/seo\/ -->\n<title>Le Bassin d&#039;Arcachon -<\/title>\n<meta name=\"robots\" content=\"index, follow, max-snippet:-1, max-image-preview:large, max-video-preview:-1\" \/>\n<link rel=\"canonical\" href=\"https:\/\/ivonavacances.fr\/?page_id=199\" \/>\n<meta property=\"og:locale\" content=\"fr_FR\" \/>\n<meta property=\"og:type\" content=\"article\" \/>\n<meta property=\"og:title\" content=\"Le Bassin d&#039;Arcachon -\" \/>\n<meta property=\"og:description\" content=\"Une merveille \u00e0 d\u00e9couvrir\" \/>\n<meta property=\"og:url\" content=\"https:\/\/ivonavacances.fr\/?page_id=199\" \/>\n<meta property=\"article:publisher\" content=\"https:\/\/www.facebook.com\/p\/Les-Cabanes-Ivona-100063381480051\/\" \/>\n<meta property=\"article:modified_time\" content=\"2023-11-07T13:35:36+00:00\" \/>\n<meta property=\"og:image\" content=\"https:\/\/ivonavacances.fr\/wp-content\/uploads\/2023\/10\/bassin.jpeg\" \/>\n\t<meta property=\"og:image:width\" content=\"1600\" \/>\n\t<meta property=\"og:image:height\" content=\"590\" \/>\n\t<meta property=\"og:image:type\" content=\"image\/jpeg\" \/>\n<meta name=\"twitter:card\" content=\"summary_large_image\" \/>\n<meta name=\"twitter:label1\" content=\"Dur\u00e9e de lecture estim\u00e9e\" \/>\n\t<meta name=\"twitter:data1\" content=\"3 minutes\" \/>\n<script type=\"application\/ld+json\" class=\"yoast-schema-graph\">{\"@context\":\"https:\/\/schema.org\",\"@graph\":[{\"@type\":\"WebPage\",\"@id\":\"https:\/\/ivonavacances.fr\/?page_id=199\",\"url\":\"https:\/\/ivonavacances.fr\/?page_id=199\",\"name\":\"Le Bassin d'Arcachon -\",\"isPartOf\":{\"@id\":\"https:\/\/ivonavacances.fr\/#website\"},\"primaryImageOfPage\":{\"@id\":\"https:\/\/ivonavacances.fr\/?page_id=199#primaryimage\"},\"image\":{\"@id\":\"https:\/\/ivonavacances.fr\/?page_id=199#primaryimage\"},\"thumbnailUrl\":\"https:\/\/i0.wp.com\/ivonavacances.fr\/wp-content\/uploads\/2023\/10\/bassin.jpeg?fit=1600%2C590&ssl=1\",\"datePublished\":\"2017-05-29T09:00:54+00:00\",\"dateModified\":\"2023-11-07T13:35:36+00:00\",\"breadcrumb\":{\"@id\":\"https:\/\/ivonavacances.fr\/?page_id=199#breadcrumb\"},\"inLanguage\":\"fr-FR\",\"potentialAction\":[{\"@type\":\"ReadAction\",\"target\":[\"https:\/\/ivonavacances.fr\/?page_id=199\"]}]},{\"@type\":\"ImageObject\",\"inLanguage\":\"fr-FR\",\"@id\":\"https:\/\/ivonavacances.fr\/?page_id=199#primaryimage\",\"url\":\"https:\/\/i0.wp.com\/ivonavacances.fr\/wp-content\/uploads\/2023\/10\/bassin.jpeg?fit=1600%2C590&ssl=1\",\"contentUrl\":\"https:\/\/i0.wp.com\/ivonavacances.fr\/wp-content\/uploads\/2023\/10\/bassin.jpeg?fit=1600%2C590&ssl=1\",\"width\":1600,\"height\":590},{\"@type\":\"BreadcrumbList\",\"@id\":\"https:\/\/ivonavacances.fr\/?page_id=199#breadcrumb\",\"itemListElement\":[{\"@type\":\"ListItem\",\"position\":1,\"name\":\"Accueil\",\"item\":\"https:\/\/ivonavacances.fr\/\"},{\"@type\":\"ListItem\",\"position\":2,\"name\":\"Bienvenue chez Ivona Vacances\",\"item\":\"https:\/\/ivonavacances.fr\/\"},{\"@type\":\"ListItem\",\"position\":3,\"name\":\"Le Bassin d&rsquo;Arcachon\"}]},{\"@type\":\"WebSite\",\"@id\":\"https:\/\/ivonavacances.fr\/#website\",\"url\":\"https:\/\/ivonavacances.fr\/\",\"name\":\"www.lescabanesivona.fr\",\"description\":\"Maisons de Vacances \u00e0 louer\",\"publisher\":{\"@id\":\"https:\/\/ivonavacances.fr\/#organization\"},\"potentialAction\":[{\"@type\":\"SearchAction\",\"target\":{\"@type\":\"EntryPoint\",\"urlTemplate\":\"https:\/\/ivonavacances.fr\/?s={search_term_string}\"},\"query-input\":{\"@type\":\"PropertyValueSpecification\",\"valueRequired\":true,\"valueName\":\"search_term_string\"}}],\"inLanguage\":\"fr-FR\"},{\"@type\":\"Organization\",\"@id\":\"https:\/\/ivonavacances.fr\/#organization\",\"name\":\"Ivona Vacances\",\"url\":\"https:\/\/ivonavacances.fr\/\",\"logo\":{\"@type\":\"ImageObject\",\"inLanguage\":\"fr-FR\",\"@id\":\"https:\/\/ivonavacances.fr\/#\/schema\/logo\/image\/\",\"url\":\"https:\/\/i0.wp.com\/ivonavacances.fr\/wp-content\/uploads\/2023\/11\/cropped-logo.png?fit=530%2C530&ssl=1\",\"contentUrl\":\"https:\/\/i0.wp.com\/ivonavacances.fr\/wp-content\/uploads\/2023\/11\/cropped-logo.png?fit=530%2C530&ssl=1\",\"width\":530,\"height\":530,\"caption\":\"Ivona Vacances\"},\"image\":{\"@id\":\"https:\/\/ivonavacances.fr\/#\/schema\/logo\/image\/\"},\"sameAs\":[\"https:\/\/www.facebook.com\/p\/Les-Cabanes-Ivona-100063381480051\/\",\"https:\/\/www.instagram.com\/ivona_vacances\"]}]}<\/script>\n<!-- \/ Yoast SEO plugin. -->","yoast_head_json":{"title":"Le Bassin d'Arcachon -","robots":{"index":"index","follow":"follow","max-snippet":"max-snippet:-1","max-image-preview":"max-image-preview:large","max-video-preview":"max-video-preview:-1"},"canonical":"https:\/\/ivonavacances.fr\/?page_id=199","og_locale":"fr_FR","og_type":"article","og_title":"Le Bassin d'Arcachon -","og_description":"Une merveille \u00e0 d\u00e9couvrir","og_url":"https:\/\/ivonavacances.fr\/?page_id=199","article_publisher":"https:\/\/www.facebook.com\/p\/Les-Cabanes-Ivona-100063381480051\/","article_modified_time":"2023-11-07T13:35:36+00:00","og_image":[{"width":1600,"height":590,"url":"https:\/\/ivonavacances.fr\/wp-content\/uploads\/2023\/10\/bassin.jpeg","type":"image\/jpeg"}],"twitter_card":"summary_large_image","twitter_misc":{"Dur\u00e9e de lecture estim\u00e9e":"3 minutes"},"schema":{"@context":"https:\/\/schema.org","@graph":[{"@type":"WebPage","@id":"https:\/\/ivonavacances.fr\/?page_id=199","url":"https:\/\/ivonavacances.fr\/?page_id=199","name":"Le Bassin d'Arcachon -","isPartOf":{"@id":"https:\/\/ivonavacances.fr\/#website"},"primaryImageOfPage":{"@id":"https:\/\/ivonavacances.fr\/?page_id=199#primaryimage"},"image":{"@id":"https:\/\/ivonavacances.fr\/?page_id=199#primaryimage"},"thumbnailUrl":"https:\/\/i0.wp.com\/ivonavacances.fr\/wp-content\/uploads\/2023\/10\/bassin.jpeg?fit=1600%2C590&ssl=1","datePublished":"2017-05-29T09:00:54+00:00","dateModified":"2023-11-07T13:35:36+00:00","breadcrumb":{"@id":"https:\/\/ivonavacances.fr\/?page_id=199#breadcrumb"},"inLanguage":"fr-FR","potentialAction":[{"@type":"ReadAction","target":["https:\/\/ivonavacances.fr\/?page_id=199"]}]},{"@type":"ImageObject","inLanguage":"fr-FR","@id":"https:\/\/ivonavacances.fr\/?page_id=199#primaryimage","url":"https:\/\/i0.wp.com\/ivonavacances.fr\/wp-content\/uploads\/2023\/10\/bassin.jpeg?fit=1600%2C590&ssl=1","contentUrl":"https:\/\/i0.wp.com\/ivonavacances.fr\/wp-content\/uploads\/2023\/10\/bassin.jpeg?fit=1600%2C590&ssl=1","width":1600,"height":590},{"@type":"BreadcrumbList","@id":"https:\/\/ivonavacances.fr\/?page_id=199#breadcrumb","itemListElement":[{"@type":"ListItem","position":1,"name":"Accueil","item":"https:\/\/ivonavacances.fr\/"},{"@type":"ListItem","position":2,"name":"Bienvenue chez Ivona Vacances","item":"https:\/\/ivonavacances.fr\/"},{"@type":"ListItem","position":3,"name":"Le Bassin d&rsquo;Arcachon"}]},{"@type":"WebSite","@id":"https:\/\/ivonavacances.fr\/#website","url":"https:\/\/ivonavacances.fr\/","name":"www.lescabanesivona.fr","description":"Maisons de Vacances \u00e0 louer","publisher":{"@id":"https:\/\/ivonavacances.fr\/#organization"},"potentialAction":[{"@type":"SearchAction","target":{"@type":"EntryPoint","urlTemplate":"https:\/\/ivonavacances.fr\/?s={search_term_string}"},"query-input":{"@type":"PropertyValueSpecification","valueRequired":true,"valueName":"search_term_string"}}],"inLanguage":"fr-FR"},{"@type":"Organization","@id":"https:\/\/ivonavacances.fr\/#organization","name":"Ivona Vacances","url":"https:\/\/ivonavacances.fr\/","logo":{"@type":"ImageObject","inLanguage":"fr-FR","@id":"https:\/\/ivonavacances.fr\/#\/schema\/logo\/image\/","url":"https:\/\/i0.wp.com\/ivonavacances.fr\/wp-content\/uploads\/2023\/11\/cropped-logo.png?fit=530%2C530&ssl=1","contentUrl":"https:\/\/i0.wp.com\/ivonavacances.fr\/wp-content\/uploads\/2023\/11\/cropped-logo.png?fit=530%2C530&ssl=1","width":530,"height":530,"caption":"Ivona Vacances"},"image":{"@id":"https:\/\/ivonavacances.fr\/#\/schema\/logo\/image\/"},"sameAs":["https:\/\/www.facebook.com\/p\/Les-Cabanes-Ivona-100063381480051\/","https:\/\/www.instagram.com\/ivona_vacances"]}]}},"jetpack_sharing_enabled":true,"_links":{"self":[{"href":"https:\/\/ivonavacances.fr\/index.php?rest_route=\/wp\/v2\/pages\/199","targetHints":{"allow":["GET"]}}],"collection":[{"href":"https:\/\/ivonavacances.fr\/index.php?rest_route=\/wp\/v2\/pages"}],"about":[{"href":"https:\/\/ivonavacances.fr\/index.php?rest_route=\/wp\/v2\/types\/page"}],"author":[{"embeddable":true,"href":"https:\/\/ivonavacances.fr\/index.php?rest_route=\/wp\/v2\/users\/1"}],"replies":[{"embeddable":true,"href":"https:\/\/ivonavacances.fr\/index.php?rest_route=%2Fwp%2Fv2%2Fcomments&post=199"}],"version-history":[{"count":4,"href":"https:\/\/ivonavacances.fr\/index.php?rest_route=\/wp\/v2\/pages\/199\/revisions"}],"predecessor-version":[{"id":681,"href":"https:\/\/ivonavacances.fr\/index.php?rest_route=\/wp\/v2\/pages\/199\/revisions\/681"}],"up":[{"embeddable":true,"href":"https:\/\/ivonavacances.fr\/index.php?rest_route=\/wp\/v2\/pages\/16"}],"wp:featuredmedia":[{"embeddable":true,"href":"https:\/\/ivonavacances.fr\/index.php?rest_route=\/wp\/v2\/media\/470"}],"wp:attachment":[{"href":"https:\/\/ivonavacances.fr\/index.php?rest_route=%2Fwp%2Fv2%2Fmedia&parent=199"}],"curies":[{"name":"wp","href":"https:\/\/api.w.org\/{rel}","templated":true}]}}